{"id":179,"date":"2020-07-06T06:36:03","date_gmt":"2020-07-06T06:36:03","guid":{"rendered":"https:\/\/leviu.co\/?page_id=179"},"modified":"2020-07-25T23:01:50","modified_gmt":"2020-07-25T23:01:50","slug":"creemos","status":"publish","type":"page","link":"https:\/\/leviu.co\/en\/creemos\/","title":{"rendered":"Creemos"},"content":{"rendered":"<p>[et_pb_section fb_built=\u00bb1&#8243; _builder_version=\u00bb4.4.8&#8243;][et_pb_row column_structure=\u00bb1_2,1_2&#8243; _builder_version=\u00bb4.5.1&#8243; width=\u00bb100%\u00bb max_width=\u00bb1040px\u00bb height=\u00bb547px\u00bb][et_pb_column type=\u00bb1_2&#8243; _builder_version=\u00bb4.4.8&#8243;][et_pb_text _builder_version=\u00bb4.5.1&#8243; header_font=\u00bbLato||||||||\u00bb header_2_font=\u00bbLato||||||||\u00bb header_2_text_align=\u00bbcenter\u00bb header_2_font_size=\u00bb29px\u00bb header_2_letter_spacing=\u00bb3px\u00bb animation_style=\u00bbfade\u00bb animation_duration=\u00bb2000ms\u00bb]<\/p>\n<h2>CREEMOS QUE&#8230;<\/h2>\n<p>[\/et_pb_text][et_pb_image src=\u00bbhttps:\/\/leviu.co\/wp-content\/uploads\/2020\/07\/Familia-Rivera-leviu.jpg\u00bb title_text=\u00bbFamilia Rivera leviu\u00bb _builder_version=\u00bb4.5.1&#8243; animation_style=\u00bbslide\u00bb animation_duration=\u00bb2000ms\u00bb animation_delay=\u00bb450ms\u00bb border_radii=\u00bbon|5px|5px|5px|5px\u00bb box_shadow_style=\u00bbpreset1&#8243;][\/et_pb_image][et_pb_text _builder_version=\u00bb4.5.1&#8243; _module_preset=\u00bbdefault\u00bb text_line_height=\u00bb0.8em\u00bb]<\/p>\n<p>Familia Rivera &#8211; Caquet\u00e1, Colombia<\/p>\n<p>Aliados Levi\u00fa\u00a0<\/p>\n<p>[\/et_pb_text][\/et_pb_column][et_pb_column type=\u00bb1_2&#8243; _builder_version=\u00bb4.4.8&#8243;][et_pb_text _builder_version=\u00bb4.5.1&#8243; text_font=\u00bbLato||||||||\u00bb text_font_size=\u00bb15px\u00bb text_letter_spacing=\u00bb1px\u00bb text_orientation=\u00bbcenter\u00bb animation_style=\u00bbslide\u00bb animation_direction=\u00bbright\u00bb animation_duration=\u00bb2000ms\u00bb]<\/p>\n<p>\ud83c\udf43 El Amazonas es el pulm\u00f3n del mundo y es nuestro deber conservarlo.<\/p>\n<p>\ud83c\udf43 Podemos retomar el rumbo encontrando el equilibrio entre crecimiento y sostenibilidad ambiental.<\/p>\n<p>\ud83c\udf43 La ciencia y la educaci\u00f3n cambian vidas.<\/p>\n<p>\ud83c\udf43 Las empresas deben impactar de manera positiva a las comunidades y al medio ambiente.<\/p>\n<p>\ud83c\udf43 La integraci\u00f3n del beneficio ambiental y social debe ser un pilar para todas las empresas.<\/p>\n<p>\ud83c\udf43 Es posible la paz y la reconcialiaci\u00f3n.<\/p>\n<p>\ud83c\udf43 Como empresa somos un agente de cambio que puede combatir la desigualdad y la pobreza.<\/p>\n<p>\ud83c\udf43 Y con base en nuestras creencias se form\u00f3 Levi\u00fa, un sue\u00f1o materializado y seremos un referente para el mundo.<\/p>\n<p>\ud83c\udf43 \u00bfY t\u00fa\u2026 como estas ayudando a mejorar la vida en nuestro planeta?<\/p>\n<p>&nbsp;<\/p>\n<h4><\/h4>\n<p>&nbsp;<\/p>\n<p>[\/et_pb_text][\/et_pb_column][\/et_pb_row][et_pb_row column_structure=\u00bb1_4,1_4,1_4,1_4&#8243; _builder_version=\u00bb4.5.1&#8243; _module_preset=\u00bbdefault\u00bb animation_style=\u00bbslide\u00bb animation_direction=\u00bbbottom\u00bb animation_duration=\u00bb2000ms\u00bb][et_pb_column type=\u00bb1_4&#8243; _builder_version=\u00bb4.5.1&#8243; _module_preset=\u00bbdefault\u00bb][et_pb_blurb title=\u00bb\u00bfQue Hacemos?\u00bb url=\u00bbhttps:\/\/leviu.co\/conocenos\/\u00bb use_icon=\u00bbon\u00bb font_icon=\u00bb%%141%%\u00bb icon_placement=\u00bbleft\u00bb _builder_version=\u00bb4.5.1&#8243; _module_preset=\u00bbdefault\u00bb header_font_size=\u00bb21px\u00bb header_letter_spacing=\u00bb1px\u00bb][\/et_pb_blurb][\/et_pb_column][et_pb_column type=\u00bb1_4&#8243; _builder_version=\u00bb4.5.1&#8243; _module_preset=\u00bbdefault\u00bb][et_pb_blurb title=\u00bbCompromisos\u00bb url=\u00bbhttps:\/\/leviu.co\/compromisos\u00bb use_icon=\u00bbon\u00bb font_icon=\u00bb%%141%%\u00bb icon_placement=\u00bbleft\u00bb _builder_version=\u00bb4.5.1&#8243; _module_preset=\u00bbdefault\u00bb header_font_size=\u00bb21px\u00bb header_letter_spacing=\u00bb1px\u00bb hover_enabled=\u00bb0&#8243;][\/et_pb_blurb][\/et_pb_column][et_pb_column type=\u00bb1_4&#8243; _builder_version=\u00bb4.5.1&#8243; _module_preset=\u00bbdefault\u00bb][et_pb_blurb title=\u00bbHablan de Nosotros\u00bb url=\u00bbhttps:\/\/leviu.co\/hablan-de-nosotras\/\u00bb use_icon=\u00bbon\u00bb font_icon=\u00bb%%141%%\u00bb icon_placement=\u00bbleft\u00bb content_max_width=\u00bb458px\u00bb _builder_version=\u00bb4.5.1&#8243; _module_preset=\u00bbdefault\u00bb header_font_size=\u00bb21px\u00bb header_letter_spacing=\u00bb1px\u00bb width=\u00bb100%\u00bb][\/et_pb_blurb][\/et_pb_column][et_pb_column type=\u00bb1_4&#8243; _builder_version=\u00bb4.5.1&#8243; _module_preset=\u00bbdefault\u00bb][et_pb_blurb title=\u00bbContacto\u00bb url=\u00bbhttps:\/\/leviu.co\/contacto\/\u00bb use_icon=\u00bbon\u00bb font_icon=\u00bb%%141%%\u00bb icon_placement=\u00bbleft\u00bb _builder_version=\u00bb4.5.1&#8243; _module_preset=\u00bbdefault\u00bb header_font_size=\u00bb21px\u00bb header_letter_spacing=\u00bb1px\u00bb][\/et_pb_blurb][\/et_pb_column][\/et_pb_row][\/et_pb_section]<\/p>","protected":false},"excerpt":{"rendered":"<p>[et_pb_section fb_built=\u00bb1&#8243; _builder_version=\u00bb4.4.8&#8243;][et_pb_row column_structure=\u00bb1_2,1_2&#8243; _builder_version=\u00bb4.5.1&#8243; width=\u00bb100%\u00bb max_width=\u00bb1040px\u00bb height=\u00bb547px\u00bb][et_pb_column type=\u00bb1_2&#8243; _builder_version=\u00bb4.4.8&#8243;][et_pb_text _builder_version=\u00bb4.5.1&#8243; header_font=\u00bbLato||||||||\u00bb header_2_font=\u00bbLato||||||||\u00bb header_2_text_align=\u00bbcenter\u00bb header_2_font_size=\u00bb29px\u00bb header_2_letter_spacing=\u00bb3px\u00bb animation_style=\u00bbfade\u00bb animation_duration=\u00bb2000ms\u00bb] CREEMOS QUE&#8230; [\/et_pb_text][et_pb_image src=\u00bbhttps:\/\/leviu.co\/wp-content\/uploads\/2020\/07\/Familia-Rivera-leviu.jpg\u00bb title_text=\u00bbFamilia Rivera leviu\u00bb _builder_version=\u00bb4.5.1&#8243; animation_style=\u00bbslide\u00bb animation_duration=\u00bb2000ms\u00bb animation_delay=\u00bb450ms\u00bb border_radii=\u00bbon|5px|5px|5px|5px\u00bb box_shadow_style=\u00bbpreset1&#8243;][\/et_pb_image][et_pb_text _builder_version=\u00bb4.5.1&#8243; _module_preset=\u00bbdefault\u00bb text_line_height=\u00bb0.8em\u00bb] Familia Rivera &#8211; Caquet\u00e1, Colombia Aliados Levi\u00fa\u00a0 [\/et_pb_text][\/et_pb_column][et_pb_column type=\u00bb1_2&#8243; _builder_version=\u00bb4.4.8&#8243;][et_pb_text _builder_version=\u00bb4.5.1&#8243; text_font=\u00bbLato||||||||\u00bb text_font_size=\u00bb15px\u00bb text_letter_spacing=\u00bb1px\u00bb text_orientation=\u00bbcenter\u00bb animation_style=\u00bbslide\u00bb animation_direction=\u00bbright\u00bb animation_duration=\u00bb2000ms\u00bb] \ud83c\udf43 El Amazonas [&hellip;]<\/p>","protected":false},"author":1,"featured_media":0,"parent":0,"menu_order":0,"comment_status":"closed","ping_status":"closed","template":"","meta":{"_et_pb_use_builder":"on","_et_pb_old_content":"","_et_gb_content_width":"1080","content-type":"","footnotes":""},"class_list":["post-179","page","type-page","status-publish","hentry"],"jetpack_sharing_enabled":true,"_links":{"self":[{"href":"https:\/\/leviu.co\/en\/wp-json\/wp\/v2\/pages\/179","targetHints":{"allow":["GET"]}}],"collection":[{"href":"https:\/\/leviu.co\/en\/wp-json\/wp\/v2\/pages"}],"about":[{"href":"https:\/\/leviu.co\/en\/wp-json\/wp\/v2\/types\/page"}],"author":[{"embeddable":true,"href":"https:\/\/leviu.co\/en\/wp-json\/wp\/v2\/users\/1"}],"replies":[{"embeddable":true,"href":"https:\/\/leviu.co\/en\/wp-json\/wp\/v2\/comments?post=179"}],"version-history":[{"count":21,"href":"https:\/\/leviu.co\/en\/wp-json\/wp\/v2\/pages\/179\/revisions"}],"predecessor-version":[{"id":1684,"href":"https:\/\/leviu.co\/en\/wp-json\/wp\/v2\/pages\/179\/revisions\/1684"}],"wp:attachment":[{"href":"https:\/\/leviu.co\/en\/wp-json\/wp\/v2\/media?parent=179"}],"curies":[{"name":"wp","href":"https:\/\/api.w.org\/{rel}","templated":true}]}}