{"id":181,"date":"2020-07-06T06:36:27","date_gmt":"2020-07-06T06:36:27","guid":{"rendered":"https:\/\/leviu.co\/?page_id=181"},"modified":"2020-07-26T09:05:03","modified_gmt":"2020-07-26T09:05:03","slug":"compromisos","status":"publish","type":"page","link":"https:\/\/leviu.co\/en\/compromisos\/","title":{"rendered":"Compromisos"},"content":{"rendered":"<p>[et_pb_section fb_built=\u00bb1&#8243; _builder_version=\u00bb4.4.8&#8243;][et_pb_row column_structure=\u00bb1_2,1_2&#8243; _builder_version=\u00bb4.5.1&#8243; width=\u00bb100%\u00bb max_width=\u00bb1208px\u00bb][et_pb_column type=\u00bb1_2&#8243; _builder_version=\u00bb4.4.8&#8243;][et_pb_text _builder_version=\u00bb4.5.1&#8243; text_font=\u00bbLato||||||||\u00bb text_font_size=\u00bb15px\u00bb text_letter_spacing=\u00bb1px\u00bb text_orientation=\u00bbcenter\u00bb animation_style=\u00bbslide\u00bb animation_duration=\u00bb2000ms\u00bb hover_enabled=\u00bb0&#8243; custom_margin_last_edited=\u00bbon|phone\u00bb custom_margin_phone=\u00bb|20px||20px|false|false\u00bb]<\/p>\n<p>&nbsp;<\/p>\n<h3>NUESTRO COMPROMISO EST\u00c1 CON<\/h3>\n<p>&nbsp;<\/p>\n<p>\ud83c\udf43 El medio ambiente<\/p>\n<p>\ud83c\udf43 Las comunidades ind\u00edgenas y campesinas<\/p>\n<p>\ud83c\udf43 El trabajo social colaborativo<\/p>\n<p>\ud83c\udf43 Cadenas de valor sustentables<\/p>\n<p>\ud83c\udf43 La sustituci\u00f3n de cultivos il\u00edcitos<\/p>\n<p>Y por supuesto, con nuestros clientes que han cre\u00eddo en nosotros y en la calidad de nuestros productos y filosof\u00eda.<\/p>\n<p>&nbsp;<\/p>\n<h4>Lo que le queremos dejar a tus hijos, nietos y pr\u00f3ximas generaciones&#8230;<\/h4>\n<p>\u2764\ufe0f Tal vez no los alcancemos a conocer, pero deseamos dejarles un Amazonas limpio y sano. Ese ser\u00e1 nuestro obsequio: \u00c1rboles aut\u00f3ctonos y conservaci\u00f3n de fuentes de agua. Esperamos que ellos tambi\u00e9n los cuiden.<\/p>\n<p>[\/et_pb_text][\/et_pb_column][et_pb_column type=\u00bb1_2&#8243; _builder_version=\u00bb4.4.8&#8243;][et_pb_image src=\u00bbhttps:\/\/leviu.co\/wp-content\/uploads\/2020\/07\/Nuestro-viaje-a-Zabaleta-1.jpg\u00bb title_text=\u00bbNuestro viaje a Zabaleta (1)\u00bb _builder_version=\u00bb4.5.1&#8243; _module_preset=\u00bbdefault\u00bb width=\u00bb95%\u00bb animation_style=\u00bbslide\u00bb animation_direction=\u00bbright\u00bb animation_duration=\u00bb2000ms\u00bb hover_enabled=\u00bb0&#8243; border_radii=\u00bbon|5px|5px|5px|5px\u00bb box_shadow_style=\u00bbpreset1&#8243; custom_margin_last_edited=\u00bbon|phone\u00bb custom_margin_phone=\u00bb|||11px|false|false\u00bb][\/et_pb_image][et_pb_text _builder_version=\u00bb4.5.1&#8243; _module_preset=\u00bbdefault\u00bb text_line_height=\u00bb0.7em\u00bb hover_enabled=\u00bb0&#8243; custom_margin=\u00bb||||false|false\u00bb custom_margin_last_edited=\u00bbon|phone\u00bb custom_margin_phone=\u00bb|||15px|false|false\u00bb]<\/p>\n<p>Nuestro viaje a Zabaleta &#8211; Caquet\u00e1<\/p>\n<p>Comunidad Levi\u00fa<\/p>\n<p>[\/et_pb_text][\/et_pb_column][\/et_pb_row][et_pb_row column_structure=\u00bb1_2,1_2&#8243; _builder_version=\u00bb4.5.1&#8243; width=\u00bb100%\u00bb max_width=\u00bb1208px\u00bb][et_pb_column type=\u00bb1_2&#8243; _builder_version=\u00bb4.4.8&#8243;][et_pb_image src=\u00bbhttps:\/\/leviu.co\/wp-content\/uploads\/2020\/07\/object.png\u00bb title_text=\u00bbobject\u00bb _builder_version=\u00bb4.5.1&#8243; _module_preset=\u00bbdefault\u00bb width=\u00bb100%\u00bb custom_margin=\u00bb91px||||false|false\u00bb animation_style=\u00bbslide\u00bb animation_direction=\u00bbright\u00bb animation_duration=\u00bb2000ms\u00bb hover_enabled=\u00bb0&#8243; border_radii=\u00bbon|5px|5px|5px|5px\u00bb box_shadow_style=\u00bbpreset1&#8243; disabled_on=\u00bbon|on|off\u00bb][\/et_pb_image][et_pb_text _builder_version=\u00bb4.5.1&#8243; _module_preset=\u00bbdefault\u00bb text_line_height=\u00bb1.5em\u00bb hover_enabled=\u00bb0&#8243; disabled_on=\u00bbon|on|off\u00bb]<\/p>\n<p>Si quieres conocer m\u00e1s acerca de los objetivos de desarrollo sostenible visita la p\u00e1gina web de las\u00a0<a href=\"https:\/\/www.un.org\/sustainabledevelopment\/es\/sustainable-development-goals\/\" target=\"_blank\" rel=\"noopener noreferrer\">\u00a0Naciones Unidas.<\/a><\/p>\n<p>[\/et_pb_text][\/et_pb_column][et_pb_column type=\u00bb1_2&#8243; _builder_version=\u00bb4.4.8&#8243;][et_pb_text _builder_version=\u00bb4.5.1&#8243; text_font=\u00bbLato||||||||\u00bb text_font_size=\u00bb15px\u00bb text_letter_spacing=\u00bb1px\u00bb text_orientation=\u00bbcenter\u00bb animation_style=\u00bbslide\u00bb animation_duration=\u00bb2000ms\u00bb hover_enabled=\u00bb0&#8243; custom_margin_last_edited=\u00bbon|phone\u00bb custom_margin_phone=\u00bb-50px|20px||20px|false|false\u00bb]<\/p>\n<p>&nbsp;<\/p>\n<h2>En Levi\u00fa estamos comprometidos con los Objetivos de Desarrollo Sostenible<\/h2>\n<p>&nbsp;<\/p>\n<p>Nuestra labor y compromiso va m\u00e1s all\u00e1 de la comercializaci\u00f3n de productos de origen Amaz\u00f3nico, ya que generamos valor agregado a la cadena de suministro de tal manera que incorporamos objetivos aliados con el bienestar com\u00fan en los cuales logramos aportar a:<\/p>\n<p>\ud83c\udf43 La diminuci\u00f3n de la pobreza en las regiones vinculadas desde el trabajo que se realiza y la compra de sus productos.<\/p>\n<p>\ud83c\udf43 Creaci\u00f3n de oportunidades de trabajo digno.<\/p>\n<p>\ud83c\udf43 Aporte a la educaci\u00f3n de los ni\u00f1os de las comunidades.<\/p>\n<p>\ud83c\udf43 Empoderamos a las mujeres para asegurar la igualdad de g\u00e9nero. Adem\u00e1s vinculamos a comunidades campesinas, ind\u00edgenas, excombatientes y v\u00edctimas de la violencia en Colombia en pro de la reducci\u00f3n de las desigualdades.<\/p>\n<p>\ud83c\udf43 Realizamos capacitaciones para el aprovechamiento sostenible de los suelos y del cuidado del agua, as\u00ed propendemos el respeto de los ambientes naturales.<\/p>\n<p>\ud83c\udf43 Respetamos los derechos humanos como base fundamental de la vida y del trabajo.<\/p>\n<p>[\/et_pb_text][et_pb_image src=\u00bbhttps:\/\/leviu.co\/wp-content\/uploads\/2020\/07\/object.png\u00bb title_text=\u00bbobject\u00bb _builder_version=\u00bb4.5.1&#8243; _module_preset=\u00bbdefault\u00bb width=\u00bb100%\u00bb custom_margin=\u00bb||||false|false\u00bb animation_style=\u00bbslide\u00bb animation_direction=\u00bbright\u00bb animation_duration=\u00bb2000ms\u00bb hover_enabled=\u00bb0&#8243; border_radii=\u00bbon|5px|5px|5px|5px\u00bb box_shadow_style=\u00bbpreset1&#8243; disabled_on=\u00bboff|off|on\u00bb][\/et_pb_image][et_pb_text _builder_version=\u00bb4.5.1&#8243; _module_preset=\u00bbdefault\u00bb text_line_height=\u00bb1.5em\u00bb hover_enabled=\u00bb0&#8243; custom_margin=\u00bb|15px||15px|false|false\u00bb disabled_on=\u00bboff|off|on\u00bb]<\/p>\n<p>Si quieres conocer m\u00e1s acerca de los objetivos de desarrollo sostenible visita la p\u00e1gina web de las\u00a0<a href=\"https:\/\/www.un.org\/sustainabledevelopment\/es\/sustainable-development-goals\/\" target=\"_blank\" rel=\"noopener noreferrer\">\u00a0Naciones Unidas.<\/a><\/p>\n<p>[\/et_pb_text][\/et_pb_column][\/et_pb_row][et_pb_row column_structure=\u00bb1_4,1_4,1_4,1_4&#8243; _builder_version=\u00bb4.5.1&#8243; _module_preset=\u00bbdefault\u00bb animation_style=\u00bbslide\u00bb animation_direction=\u00bbbottom\u00bb animation_duration=\u00bb2000ms\u00bb][et_pb_column type=\u00bb1_4&#8243; _builder_version=\u00bb4.5.1&#8243; _module_preset=\u00bbdefault\u00bb][et_pb_blurb title=\u00bb\u00bfQue Hacemos?\u00bb url=\u00bbhttps:\/\/leviu.co\/conocenos\/\u00bb use_icon=\u00bbon\u00bb font_icon=\u00bb%%141%%\u00bb icon_placement=\u00bbleft\u00bb _builder_version=\u00bb4.5.1&#8243; _module_preset=\u00bbdefault\u00bb header_font_size=\u00bb21px\u00bb header_letter_spacing=\u00bb1px\u00bb][\/et_pb_blurb][\/et_pb_column][et_pb_column type=\u00bb1_4&#8243; _builder_version=\u00bb4.5.1&#8243; _module_preset=\u00bbdefault\u00bb][et_pb_blurb title=\u00bbCreemos en&#8230;\u00bb url=\u00bbhttps:\/\/leviu.co\/creemos\/\u00bb use_icon=\u00bbon\u00bb font_icon=\u00bb%%141%%\u00bb icon_placement=\u00bbleft\u00bb _builder_version=\u00bb4.5.1&#8243; _module_preset=\u00bbdefault\u00bb header_font_size=\u00bb21px\u00bb header_letter_spacing=\u00bb1px\u00bb][\/et_pb_blurb][\/et_pb_column][et_pb_column type=\u00bb1_4&#8243; _builder_version=\u00bb4.5.1&#8243; _module_preset=\u00bbdefault\u00bb][et_pb_blurb title=\u00bbHablan de Nosotros\u00bb url=\u00bbhttps:\/\/leviu.co\/hablan-de-nosotras\/\u00bb use_icon=\u00bbon\u00bb font_icon=\u00bb%%141%%\u00bb icon_placement=\u00bbleft\u00bb content_max_width=\u00bb458px\u00bb _builder_version=\u00bb4.5.1&#8243; _module_preset=\u00bbdefault\u00bb header_font_size=\u00bb21px\u00bb header_letter_spacing=\u00bb1px\u00bb width=\u00bb100%\u00bb][\/et_pb_blurb][\/et_pb_column][et_pb_column type=\u00bb1_4&#8243; _builder_version=\u00bb4.5.1&#8243; _module_preset=\u00bbdefault\u00bb][et_pb_blurb title=\u00bbContacto\u00bb url=\u00bbhttps:\/\/leviu.co\/contacto\/\u00bb use_icon=\u00bbon\u00bb font_icon=\u00bb%%141%%\u00bb icon_placement=\u00bbleft\u00bb _builder_version=\u00bb4.5.1&#8243; _module_preset=\u00bbdefault\u00bb header_font_size=\u00bb21px\u00bb header_letter_spacing=\u00bb1px\u00bb][\/et_pb_blurb][\/et_pb_column][\/et_pb_row][\/et_pb_section]<\/p>","protected":false},"excerpt":{"rendered":"<p>[et_pb_section fb_built=\u00bb1&#8243; _builder_version=\u00bb4.4.8&#8243;][et_pb_row column_structure=\u00bb1_2,1_2&#8243; _builder_version=\u00bb4.5.1&#8243; width=\u00bb100%\u00bb max_width=\u00bb1208px\u00bb][et_pb_column type=\u00bb1_2&#8243; _builder_version=\u00bb4.4.8&#8243;][et_pb_text _builder_version=\u00bb4.5.1&#8243; text_font=\u00bbLato||||||||\u00bb text_font_size=\u00bb15px\u00bb text_letter_spacing=\u00bb1px\u00bb text_orientation=\u00bbcenter\u00bb animation_style=\u00bbslide\u00bb animation_duration=\u00bb2000ms\u00bb hover_enabled=\u00bb0&#8243; custom_margin_last_edited=\u00bbon|phone\u00bb custom_margin_phone=\u00bb|20px||20px|false|false\u00bb] &nbsp; NUESTRO COMPROMISO EST\u00c1 CON &nbsp; \ud83c\udf43 El medio ambiente \ud83c\udf43 Las comunidades ind\u00edgenas y campesinas \ud83c\udf43 El trabajo social colaborativo \ud83c\udf43 Cadenas de valor sustentables \ud83c\udf43 La sustituci\u00f3n de cultivos il\u00edcitos Y por supuesto, con [&hellip;]<\/p>","protected":false},"author":1,"featured_media":0,"parent":0,"menu_order":0,"comment_status":"closed","ping_status":"closed","template":"","meta":{"_et_pb_use_builder":"on","_et_pb_old_content":"","_et_gb_content_width":"1080","content-type":"","footnotes":""},"class_list":["post-181","page","type-page","status-publish","hentry"],"jetpack_sharing_enabled":true,"_links":{"self":[{"href":"https:\/\/leviu.co\/en\/wp-json\/wp\/v2\/pages\/181","targetHints":{"allow":["GET"]}}],"collection":[{"href":"https:\/\/leviu.co\/en\/wp-json\/wp\/v2\/pages"}],"about":[{"href":"https:\/\/leviu.co\/en\/wp-json\/wp\/v2\/types\/page"}],"author":[{"embeddable":true,"href":"https:\/\/leviu.co\/en\/wp-json\/wp\/v2\/users\/1"}],"replies":[{"embeddable":true,"href":"https:\/\/leviu.co\/en\/wp-json\/wp\/v2\/comments?post=181"}],"version-history":[{"count":32,"href":"https:\/\/leviu.co\/en\/wp-json\/wp\/v2\/pages\/181\/revisions"}],"predecessor-version":[{"id":1720,"href":"https:\/\/leviu.co\/en\/wp-json\/wp\/v2\/pages\/181\/revisions\/1720"}],"wp:attachment":[{"href":"https:\/\/leviu.co\/en\/wp-json\/wp\/v2\/media?parent=181"}],"curies":[{"name":"wp","href":"https:\/\/api.w.org\/{rel}","templated":true}]}}